{"id":680,"date":"2026-01-09T16:34:36","date_gmt":"2026-01-09T15:34:36","guid":{"rendered":"https:\/\/taxxpert.hu\/?page_id=680"},"modified":"2026-02-24T14:18:54","modified_gmt":"2026-02-24T13:18:54","slug":"privacy-policy","status":"publish","type":"page","link":"https:\/\/taxxpert.hu\/en\/privacy-policy\/","title":{"rendered":"Privacy Policy"},"content":{"rendered":"\t\t<div data-elementor-type=\"wp-page\" data-elementor-id=\"680\" class=\"elementor elementor-680 elementor-3\" data-elementor-settings=\"{&quot;element_pack_global_tooltip_width&quot;:{&quot;unit&quot;:&quot;px&quot;,&quot;size&quot;:&quot;&quot;,&quot;sizes&quot;:[]},&quot;element_pack_global_tooltip_width_tablet&quot;:{&quot;unit&quot;:&quot;px&quot;,&quot;size&quot;:&quot;&quot;,&quot;sizes&quot;:[]},&quot;element_pack_global_tooltip_width_mobile&quot;:{&quot;unit&quot;:&quot;px&quot;,&quot;size&quot;:&quot;&quot;,&quot;sizes&quot;:[]},&quot;element_pack_global_tooltip_padding&quot;:{&quot;unit&quot;:&quot;px&quot;,&quot;top&quot;:&quot;&quot;,&quot;right&quot;:&quot;&quot;,&quot;bottom&quot;:&quot;&quot;,&quot;left&quot;:&quot;&quot;,&quot;isLinked&quot;:true},&quot;element_pack_global_tooltip_padding_tablet&quot;:{&quot;unit&quot;:&quot;px&quot;,&quot;top&quot;:&quot;&quot;,&quot;right&quot;:&quot;&quot;,&quot;bottom&quot;:&quot;&quot;,&quot;left&quot;:&quot;&quot;,&quot;isLinked&quot;:true},&quot;element_pack_global_tooltip_padding_mobile&quot;:{&quot;unit&quot;:&quot;px&quot;,&quot;top&quot;:&quot;&quot;,&quot;right&quot;:&quot;&quot;,&quot;bottom&quot;:&quot;&quot;,&quot;left&quot;:&quot;&quot;,&quot;isLinked&quot;:true},&quot;element_pack_global_tooltip_border_radius&quot;:{&quot;unit&quot;:&quot;px&quot;,&quot;top&quot;:&quot;&quot;,&quot;right&quot;:&quot;&quot;,&quot;bottom&quot;:&quot;&quot;,&quot;left&quot;:&quot;&quot;,&quot;isLinked&quot;:true},&quot;element_pack_global_tooltip_border_radius_tablet&quot;:{&quot;unit&quot;:&quot;px&quot;,&quot;top&quot;:&quot;&quot;,&quot;right&quot;:&quot;&quot;,&quot;bottom&quot;:&quot;&quot;,&quot;left&quot;:&quot;&quot;,&quot;isLinked&quot;:true},&quot;element_pack_global_tooltip_border_radius_mobile&quot;:{&quot;unit&quot;:&quot;px&quot;,&quot;top&quot;:&quot;&quot;,&quot;right&quot;:&quot;&quot;,&quot;bottom&quot;:&quot;&quot;,&quot;left&quot;:&quot;&quot;,&quot;isLinked&quot;:true}}\" data-elementor-post-type=\"page\">\n\t\t\t\t\t\t<section class=\"elementor-section elementor-top-section elementor-element elementor-element-3ada784b elementor-section-boxed elementor-section-height-default elementor-section-height-default\" data-id=\"3ada784b\" data-element_type=\"section\" data-e-type=\"section\">\n\t\t\t\t\t\t<div class=\"elementor-container elementor-column-gap-default\">\n\t\t\t\t\t<div class=\"elementor-column elementor-col-100 elementor-top-column elementor-element elementor-element-4c60a658\" data-id=\"4c60a658\" data-element_type=\"column\" data-e-type=\"column\">\n\t\t\t<div class=\"elementor-widget-wrap elementor-element-populated\">\n\t\t\t\t\t\t<div class=\"elementor-element elementor-element-434e2367 elementor-widget elementor-widget-text-editor\" data-id=\"434e2367\" data-element_type=\"widget\" data-e-type=\"widget\" data-widget_type=\"text-editor.default\">\n\t\t\t\t\t\t\t\t\t<p data-start=\"356\" data-end=\"450\">Jelen adatkezel\u00e9si t\u00e1j\u00e9koztat\u00f3 a honlap haszn\u00e1lata sor\u00e1n megval\u00f3sul\u00f3 adatkezel\u00e9sre vonatkozik.<\/p>\n<p data-start=\"452\" data-end=\"707\">Az adatkezel\u0151 a tov\u00e1bbiakban mint <strong data-start=\"486\" data-end=\"501\">V\u00e1llalkoz\u00e1s<\/strong> ker\u00fcl megnevez\u00e9sre.<br data-start=\"521\" data-end=\"524\" \/>A V\u00e1llalkoz\u00e1s azonos\u00edt\u00e1s\u00e1ra \u00e9s el\u00e9rhet\u0151s\u00e9geire vonatkoz\u00f3 adatok az <strong data-start=\"591\" data-end=\"605\">Impresszum<\/strong> oldalon ker\u00fclnek felt\u00fcntet\u00e9sre, amely jelen adatkezel\u00e9si t\u00e1j\u00e9koztat\u00f3 elv\u00e1laszthatatlan r\u00e9sz\u00e9t k\u00e9pezi.<\/p>\t\t\t\t\t\t\t\t<\/div>\n\t\t\t\t\t<\/div>\n\t\t<\/div>\n\t\t\t\t\t<\/div>\n\t\t<\/section>\n\t\t\t\t<section class=\"elementor-section elementor-top-section elementor-element elementor-element-6beae23 elementor-section-boxed elementor-section-height-default elementor-section-height-default\" data-id=\"6beae23\" data-element_type=\"section\" data-e-type=\"section\">\n\t\t\t\t\t\t<div class=\"elementor-container elementor-column-gap-default\">\n\t\t\t\t\t<div class=\"elementor-column elementor-col-100 elementor-top-column elementor-element elementor-element-d606469\" data-id=\"d606469\" data-element_type=\"column\" data-e-type=\"column\">\n\t\t\t<div class=\"elementor-widget-wrap elementor-element-populated\">\n\t\t\t\t\t\t<div class=\"elementor-element elementor-element-4219af3 elementor-widget elementor-widget-template\" data-id=\"4219af3\" data-element_type=\"widget\" data-e-type=\"widget\" data-widget_type=\"template.default\">\n\t\t\t\t<div class=\"elementor-widget-container\">\n\t\t\t\t\t\t\t<div class=\"elementor-template\">\n\t\t\t\t\t<div data-elementor-type=\"section\" data-elementor-id=\"373\" class=\"elementor elementor-373\" data-elementor-post-type=\"elementor_library\">\n\t\t\t\t\t<section class=\"elementor-section elementor-top-section elementor-element elementor-element-4ad38ea6 elementor-section-boxed elementor-section-height-default elementor-section-height-default\" data-id=\"4ad38ea6\" data-element_type=\"section\" data-e-type=\"section\">\n\t\t\t\t\t\t<div class=\"elementor-container elementor-column-gap-default\">\n\t\t\t\t\t<div class=\"elementor-column elementor-col-100 elementor-top-column elementor-element elementor-element-1de287b2\" data-id=\"1de287b2\" data-element_type=\"column\" data-e-type=\"column\">\n\t\t\t<div class=\"elementor-widget-wrap elementor-element-populated\">\n\t\t\t\t\t\t<div class=\"elementor-element elementor-element-7d293c9d elementor-widget elementor-widget-text-editor\" data-id=\"7d293c9d\" data-element_type=\"widget\" data-e-type=\"widget\" data-widget_type=\"text-editor.default\">\n\t\t\t\t\t\t\t\t\t<div class=\"pb-5\"><h2>V\u00e1llalkoz\u00e1s adatai:<\/h2><div><b>N\u00e9v:<\/b> Kadenszkin\u00e9 Drajk\u00f3 M\u00f3nika<\/div><div><b>Sz\u00e9khely:<\/b> 2132 G\u00f6d, \u0150szap\u00f3 utca 84.<\/div><div><b>Ad\u00f3sz\u00e1m:<\/b> 49165894-1-33<\/div><div><b>E-mail:<\/b> mnikadrajk@yahoo.com<\/div><div><b>Tel: <\/b>+36 20 779 4184<\/div><\/div><h2>\u00a0<\/h2><h2>T\u00e1rhelyszolg\u00e1ltat\u00f3 adatai:<\/h2><div><b>N\u00e9v:<\/b> Mazuri Marketing Kft.<\/div><div><b>Telephely:<\/b> 5008 Szolnok, Karinthy Frigyes \u00fat 40.<\/div><div><b>Ad\u00f3sz\u00e1m:<\/b> 25482360-2-16<\/div><div><b>E-mail:<\/b> <a href=\"mailto:info@mazuri.hu\">info@mazuri.hu<\/a><\/div><div><b>Tel.:<\/b> <a href=\"tel:+3630 696 6786\">+3630 696 6786<\/a><\/div>\t\t\t\t\t\t\t\t<\/div>\n\t\t\t\t\t<\/div>\n\t\t<\/div>\n\t\t\t\t\t<\/div>\n\t\t<\/section>\n\t\t\t\t<\/div>\n\t\t\t\t<\/div>\n\t\t\t\t\t\t<\/div>\n\t\t\t\t<\/div>\n\t\t\t\t\t<\/div>\n\t\t<\/div>\n\t\t\t\t\t<\/div>\n\t\t<\/section>\n\t\t\t\t<section class=\"elementor-section elementor-top-section elementor-element elementor-element-0b3c709 elementor-section-boxed elementor-section-height-default elementor-section-height-default\" data-id=\"0b3c709\" data-element_type=\"section\" data-e-type=\"section\">\n\t\t\t\t\t\t<div class=\"elementor-container elementor-column-gap-default\">\n\t\t\t\t\t<div class=\"elementor-column elementor-col-100 elementor-top-column elementor-element elementor-element-36da394\" data-id=\"36da394\" data-element_type=\"column\" data-e-type=\"column\">\n\t\t\t<div class=\"elementor-widget-wrap elementor-element-populated\">\n\t\t\t\t\t\t<div class=\"elementor-element elementor-element-313167c elementor-widget elementor-widget-text-editor\" data-id=\"313167c\" data-element_type=\"widget\" data-e-type=\"widget\" data-widget_type=\"text-editor.default\">\n\t\t\t\t\t\t\t\t\t<p>Jelen adatkezel\u00e9si t\u00e1j\u00e9koztat\u00f3 c\u00e9lja, hogy t\u00e1j\u00e9koztat\u00e1st ny\u00fajtson a honlap haszn\u00e1lata sor\u00e1n megval\u00f3sul\u00f3 adatkezel\u00e9si gyakorlatr\u00f3l, valamint a szem\u00e9lyes adatok v\u00e9delm\u00e9vel kapcsolatos jogokr\u00f3l \u00e9s lehet\u0151s\u00e9gekr\u0151l.<\/p>\n<hr data-start=\"863\" data-end=\"866\" \/>\n<h2 data-start=\"868\" data-end=\"904\">Az adatkezel\u00e9s jogszab\u00e1lyi alapja<\/h2>\n<p data-start=\"906\" data-end=\"968\">Az adatkezel\u00e9s az al\u00e1bbi jogszab\u00e1lyokkal \u00f6sszhangban t\u00f6rt\u00e9nik:<\/p>\n<ul data-start=\"970\" data-end=\"1134\">\n<li data-start=\"970\" data-end=\"1037\">\n<p data-start=\"972\" data-end=\"1037\">az Eur\u00f3pai Parlament \u00e9s a Tan\u00e1cs (EU) 2016\/679 rendelete (GDPR)<\/p>\n<\/li>\n<li data-start=\"1038\" data-end=\"1134\">\n<p data-start=\"1040\" data-end=\"1134\">az inform\u00e1ci\u00f3s \u00f6nrendelkez\u00e9si jogr\u00f3l \u00e9s az inform\u00e1ci\u00f3szabads\u00e1gr\u00f3l sz\u00f3l\u00f3 vonatkoz\u00f3 jogszab\u00e1lyok<\/p>\n<\/li>\n<\/ul>\n<hr data-start=\"1136\" data-end=\"1139\" \/>\n<h2 data-start=\"1141\" data-end=\"1174\">A kezelt szem\u00e9lyes adatok k\u00f6re<\/h2>\n<p data-start=\"1176\" data-end=\"1311\">A honlap haszn\u00e1lata sor\u00e1n szem\u00e9lyes adatok megad\u00e1sa kiz\u00e1r\u00f3lag <strong data-start=\"1238\" data-end=\"1257\">\u00f6nk\u00e9ntes alapon<\/strong>, jellemz\u0151en a kapcsolati \u0171rlap kit\u00f6lt\u00e9sekor t\u00f6rt\u00e9nik.<\/p>\n<p data-start=\"1313\" data-end=\"1360\">A kezelt adatok k\u00f6re k\u00fcl\u00f6n\u00f6sen az al\u00e1bbi lehet:<\/p>\n<ul data-start=\"1362\" data-end=\"1437\">\n<li data-start=\"1362\" data-end=\"1369\">\n<p data-start=\"1364\" data-end=\"1369\">n\u00e9v<\/p>\n<\/li>\n<li data-start=\"1370\" data-end=\"1384\">\n<p data-start=\"1372\" data-end=\"1384\">e-mail c\u00edm<\/p>\n<\/li>\n<li data-start=\"1385\" data-end=\"1403\">\n<p data-start=\"1387\" data-end=\"1403\">\u00fczenet sz\u00f6vege<\/p>\n<\/li>\n<li data-start=\"1404\" data-end=\"1437\">\n<p data-start=\"1406\" data-end=\"1437\">a kapcsolatfelv\u00e9tel id\u0151pontja<\/p>\n<\/li>\n<\/ul>\n<p data-start=\"1439\" data-end=\"1540\">A honlap a kapcsolatfelv\u00e9telhez sz\u00fcks\u00e9ges adatokon t\u00falmen\u0151en nem k\u00e9r \u00e9s nem kezel szem\u00e9lyes adatokat.<\/p>\n<hr data-start=\"1542\" data-end=\"1545\" \/>\n<h2 data-start=\"1547\" data-end=\"1570\">Az adatkezel\u00e9s c\u00e9lja<\/h2>\n<p data-start=\"1572\" data-end=\"1628\">A szem\u00e9lyes adatok kezel\u00e9se az al\u00e1bbi c\u00e9lokb\u00f3l t\u00f6rt\u00e9nik:<\/p>\n<ul data-start=\"1630\" data-end=\"1773\">\n<li data-start=\"1630\" data-end=\"1661\">\n<p data-start=\"1632\" data-end=\"1661\">kapcsolattart\u00e1s biztos\u00edt\u00e1sa<\/p>\n<\/li>\n<li data-start=\"1662\" data-end=\"1708\">\n<p data-start=\"1664\" data-end=\"1708\">a felhaszn\u00e1l\u00f3i megkeres\u00e9sek megv\u00e1laszol\u00e1sa<\/p>\n<\/li>\n<li data-start=\"1709\" data-end=\"1773\">\n<p data-start=\"1711\" data-end=\"1773\">az \u00fczenetekkel kapcsolatos adminisztrat\u00edv feladatok ell\u00e1t\u00e1sa<\/p>\n<\/li>\n<\/ul>\n<p data-start=\"1775\" data-end=\"1894\">Az adatok nem ker\u00fclnek felhaszn\u00e1l\u00e1sra marketing c\u00e9lokra, \u00e9s nem t\u00f6rt\u00e9nik automatiz\u00e1lt d\u00f6nt\u00e9shozatal vagy profilalkot\u00e1s.<\/p>\n<hr data-start=\"1896\" data-end=\"1899\" \/>\n<h2 data-start=\"1901\" data-end=\"1928\">Az adatkezel\u00e9s jogalapja<\/h2>\n<p data-start=\"1930\" data-end=\"2104\">A szem\u00e9lyes adatok kezel\u00e9se a felhaszn\u00e1l\u00f3 <strong data-start=\"1972\" data-end=\"1999\">\u00f6nk\u00e9ntes hozz\u00e1j\u00e1rul\u00e1s\u00e1n<\/strong> alapul, amely a kapcsolati \u0171rlap elk\u00fcld\u00e9s\u00e9vel val\u00f3sul meg a GDPR 6. cikk (1) bekezd\u00e9s a) pontja alapj\u00e1n.<\/p>\n<hr data-start=\"2106\" data-end=\"2109\" \/>\n<h2 data-start=\"2111\" data-end=\"2147\">Az adatok meg\u0151rz\u00e9s\u00e9nek id\u0151tartama<\/h2>\n<p data-start=\"2149\" data-end=\"2343\">A szem\u00e9lyes adatok kiz\u00e1r\u00f3lag a kapcsolatfelv\u00e9tel c\u00e9lj\u00e1nak fenn\u00e1ll\u00e1s\u00e1ig, illetve az abb\u00f3l ered\u0151 kommunik\u00e1ci\u00f3 lez\u00e1r\u00e1s\u00e1ig ker\u00fclnek meg\u0151rz\u00e9sre, vagy addig, am\u00edg a felhaszn\u00e1l\u00f3 nem k\u00e9ri azok t\u00f6rl\u00e9s\u00e9t.<\/p>\n<hr data-start=\"2345\" data-end=\"2348\" \/>\n<h2 data-start=\"2350\" data-end=\"2386\">Adattov\u00e1bb\u00edt\u00e1s \u00e9s adatfeldolgoz\u00f3k<\/h2>\n<p data-start=\"2388\" data-end=\"2671\">A kezelt szem\u00e9lyes adatok harmadik f\u00e9l r\u00e9sz\u00e9re nem ker\u00fclnek tov\u00e1bb\u00edt\u00e1sra, kiv\u00e9ve, ha azt jogszab\u00e1ly \u00edrja el\u0151.<br data-start=\"2497\" data-end=\"2500\" \/>A honlap m\u0171k\u00f6dtet\u00e9se sor\u00e1n technikai szolg\u00e1ltat\u00f3k (pl. t\u00e1rhelyszolg\u00e1ltat\u00f3) adatfeldolgoz\u00f3k\u00e9nt vehetnek r\u00e9szt az adatkezel\u00e9sben, kiz\u00e1r\u00f3lag a m\u0171k\u00f6d\u00e9shez sz\u00fcks\u00e9ges m\u00e9rt\u00e9kben.<\/p>\n<hr data-start=\"2673\" data-end=\"2676\" \/>\n<h2 data-start=\"2678\" data-end=\"2700\">Az \u00e9rintettek jogai<\/h2>\n<p data-start=\"2702\" data-end=\"2776\">A felhaszn\u00e1l\u00f3t az adatkezel\u00e9ssel kapcsolatban az al\u00e1bbi jogok illetik meg:<\/p>\n<ul data-start=\"2778\" data-end=\"2994\">\n<li data-start=\"2778\" data-end=\"2806\">\n<p data-start=\"2780\" data-end=\"2806\">t\u00e1j\u00e9koztat\u00e1shoz val\u00f3 jog<\/p>\n<\/li>\n<li data-start=\"2807\" data-end=\"2833\">\n<p data-start=\"2809\" data-end=\"2833\">hozz\u00e1f\u00e9r\u00e9shez val\u00f3 jog<\/p>\n<\/li>\n<li data-start=\"2834\" data-end=\"2861\">\n<p data-start=\"2836\" data-end=\"2861\">helyesb\u00edt\u00e9shez val\u00f3 jog<\/p>\n<\/li>\n<li data-start=\"2862\" data-end=\"2913\">\n<p data-start=\"2864\" data-end=\"2913\">t\u00f6rl\u00e9shez val\u00f3 jog (\u201eelfeledtet\u00e9shez val\u00f3 jog\u201d)<\/p>\n<\/li>\n<li data-start=\"2914\" data-end=\"2956\">\n<p data-start=\"2916\" data-end=\"2956\">az adatkezel\u00e9s korl\u00e1toz\u00e1s\u00e1hoz val\u00f3 jog<\/p>\n<\/li>\n<li data-start=\"2957\" data-end=\"2994\">\n<p data-start=\"2959\" data-end=\"2994\">hozz\u00e1j\u00e1rul\u00e1s visszavon\u00e1s\u00e1nak joga<\/p>\n<\/li>\n<\/ul>\n<p data-start=\"2996\" data-end=\"3097\">A jogok gyakorl\u00e1s\u00e1val kapcsolatos megkeres\u00e9sek az Impresszumban megadott el\u00e9rhet\u0151s\u00e9geken tehet\u0151k meg.<\/p>\n<hr data-start=\"3099\" data-end=\"3102\" \/>\n<h2 data-start=\"3104\" data-end=\"3120\">Adatbiztons\u00e1g<\/h2>\n<p data-start=\"3122\" data-end=\"3356\">Az adatkezel\u0151 minden t\u0151le elv\u00e1rhat\u00f3 technikai \u00e9s szervez\u00e9si int\u00e9zked\u00e9st megtesz a szem\u00e9lyes adatok biztons\u00e1ga \u00e9rdek\u00e9ben, k\u00fcl\u00f6n\u00f6s tekintettel az adatok jogosulatlan hozz\u00e1f\u00e9r\u00e9se, m\u00f3dos\u00edt\u00e1sa vagy nyilv\u00e1noss\u00e1gra hozatala elleni v\u00e9delemre.<\/p>\n<hr data-start=\"3358\" data-end=\"3361\" \/>\n<h2 data-start=\"3363\" data-end=\"3388\">Jogorvoslati lehet\u0151s\u00e9g<\/h2>\n<p data-start=\"3390\" data-end=\"3599\">Amennyiben a felhaszn\u00e1l\u00f3 meg\u00edt\u00e9l\u00e9se szerint a szem\u00e9lyes adatok kezel\u00e9se nem felel meg a hat\u00e1lyos jogszab\u00e1lyoknak, jogosult panasszal \u00e9lni a fel\u00fcgyeleti hat\u00f3s\u00e1gn\u00e1l, illetve b\u00edr\u00f3s\u00e1gi jogorvoslatot kezdem\u00e9nyezni.<\/p>\t\t\t\t\t\t\t\t<\/div>\n\t\t\t\t\t<\/div>\n\t\t<\/div>\n\t\t\t\t\t<\/div>\n\t\t<\/section>\n\t\t\t\t<\/div>\n\t\t","protected":false},"excerpt":{"rendered":"<p>This privacy policy applies to data processing carried out during the use of the website. The data controller is hereinafter referred to as the Business.The identification and contact details of the Business are provided on the Imprint page, which forms an integral part of this privacy policy. The purpose of this privacy policy is to [&hellip;]<\/p>\n","protected":false},"author":2,"featured_media":0,"parent":0,"menu_order":0,"comment_status":"closed","ping_status":"closed","template":"","meta":{"footnotes":""},"class_list":["post-680","page","type-page","status-publish","hentry"],"yoast_head":"<!-- This site is optimized with the Yoast SEO Premium plugin v26.9 (Yoast SEO v26.9) - https:\/\/yoast.com\/product\/yoast-seo-premium-wordpress\/ -->\n<title>Privacy Policy &#8226; TaxXpert<\/title>\n<meta name=\"robots\" content=\"index, follow, max-snippet:-1, max-image-preview:large, max-video-preview:-1\" \/>\n<link rel=\"canonical\" href=\"https:\/\/taxxpert.hu\/en\/privacy-policy\/\" \/>\n<meta property=\"og:locale\" content=\"en_US\" \/>\n<meta property=\"og:type\" content=\"article\" \/>\n<meta property=\"og:title\" content=\"Privacy Policy\" \/>\n<meta property=\"og:description\" content=\"This privacy policy applies to data processing carried out during the use of the website. The data controller is hereinafter referred to as the Business.The identification and contact details of the Business are provided on the Imprint page, which forms an integral part of this privacy policy. The purpose of this privacy policy is to [&hellip;]\" \/>\n<meta property=\"og:url\" content=\"https:\/\/taxxpert.hu\/en\/privacy-policy\/\" \/>\n<meta property=\"og:site_name\" content=\"TaxXpert\" \/>\n<meta property=\"article:modified_time\" content=\"2026-02-24T13:18:54+00:00\" \/>\n<meta property=\"og:image\" content=\"https:\/\/taxxpert.hu\/wp-content\/uploads\/2026\/02\/taxxpert_konyveloiroda_seoimg.png\" \/>\n\t<meta property=\"og:image:width\" content=\"1200\" \/>\n\t<meta property=\"og:image:height\" content=\"675\" \/>\n\t<meta property=\"og:image:type\" content=\"image\/png\" \/>\n<meta name=\"twitter:card\" content=\"summary_large_image\" \/>\n<meta name=\"twitter:label1\" content=\"Est. reading time\" \/>\n\t<meta name=\"twitter:data1\" content=\"3 minutes\" \/>\n<script type=\"application\/ld+json\" class=\"yoast-schema-graph\">{\"@context\":\"https:\/\/schema.org\",\"@graph\":[{\"@type\":\"WebPage\",\"@id\":\"https:\/\/taxxpert.hu\/en\/privacy-policy\/\",\"url\":\"https:\/\/taxxpert.hu\/en\/privacy-policy\/\",\"name\":\"Privacy Policy &#8226; TaxXpert\",\"isPartOf\":{\"@id\":\"https:\/\/taxxpert.hu\/en\/#website\"},\"datePublished\":\"2026-01-09T15:34:36+00:00\",\"dateModified\":\"2026-02-24T13:18:54+00:00\",\"breadcrumb\":{\"@id\":\"https:\/\/taxxpert.hu\/en\/privacy-policy\/#breadcrumb\"},\"inLanguage\":\"en-US\",\"potentialAction\":[{\"@type\":\"ReadAction\",\"target\":[\"https:\/\/taxxpert.hu\/en\/privacy-policy\/\"]}]},{\"@type\":\"BreadcrumbList\",\"@id\":\"https:\/\/taxxpert.hu\/en\/privacy-policy\/#breadcrumb\",\"itemListElement\":[{\"@type\":\"ListItem\",\"position\":1,\"name\":\"Kezd\u0151lap\",\"item\":\"https:\/\/taxxpert.hu\/en\/\"},{\"@type\":\"ListItem\",\"position\":2,\"name\":\"Privacy Policy\"}]},{\"@type\":\"WebSite\",\"@id\":\"https:\/\/taxxpert.hu\/en\/#website\",\"url\":\"https:\/\/taxxpert.hu\/en\/\",\"name\":\"TaxXpert\",\"description\":\"K\u00f6nyvel\u0151iroda\",\"publisher\":{\"@id\":\"https:\/\/taxxpert.hu\/en\/#organization\"},\"potentialAction\":[{\"@type\":\"SearchAction\",\"target\":{\"@type\":\"EntryPoint\",\"urlTemplate\":\"https:\/\/taxxpert.hu\/en\/?s={search_term_string}\"},\"query-input\":{\"@type\":\"PropertyValueSpecification\",\"valueRequired\":true,\"valueName\":\"search_term_string\"}}],\"inLanguage\":\"en-US\"},{\"@type\":\"Organization\",\"@id\":\"https:\/\/taxxpert.hu\/en\/#organization\",\"name\":\"TaxXpert\",\"url\":\"https:\/\/taxxpert.hu\/en\/\",\"logo\":{\"@type\":\"ImageObject\",\"inLanguage\":\"en-US\",\"@id\":\"https:\/\/taxxpert.hu\/en\/#\/schema\/logo\/image\/\",\"url\":\"https:\/\/taxxpert.hu\/wp-content\/uploads\/2026\/01\/taxXpert-logo-1.png\",\"contentUrl\":\"https:\/\/taxxpert.hu\/wp-content\/uploads\/2026\/01\/taxXpert-logo-1.png\",\"width\":2039,\"height\":975,\"caption\":\"TaxXpert\"},\"image\":{\"@id\":\"https:\/\/taxxpert.hu\/en\/#\/schema\/logo\/image\/\"}}]}<\/script>\n<!-- \/ Yoast SEO Premium plugin. -->","yoast_head_json":{"title":"Privacy Policy &#8226; TaxXpert","robots":{"index":"index","follow":"follow","max-snippet":"max-snippet:-1","max-image-preview":"max-image-preview:large","max-video-preview":"max-video-preview:-1"},"canonical":"https:\/\/taxxpert.hu\/en\/privacy-policy\/","og_locale":"en_US","og_type":"article","og_title":"Privacy Policy","og_description":"This privacy policy applies to data processing carried out during the use of the website. The data controller is hereinafter referred to as the Business.The identification and contact details of the Business are provided on the Imprint page, which forms an integral part of this privacy policy. The purpose of this privacy policy is to [&hellip;]","og_url":"https:\/\/taxxpert.hu\/en\/privacy-policy\/","og_site_name":"TaxXpert","article_modified_time":"2026-02-24T13:18:54+00:00","og_image":[{"width":1200,"height":675,"url":"https:\/\/taxxpert.hu\/wp-content\/uploads\/2026\/02\/taxxpert_konyveloiroda_seoimg.png","type":"image\/png"}],"twitter_card":"summary_large_image","twitter_misc":{"Est. reading time":"3 minutes"},"schema":{"@context":"https:\/\/schema.org","@graph":[{"@type":"WebPage","@id":"https:\/\/taxxpert.hu\/en\/privacy-policy\/","url":"https:\/\/taxxpert.hu\/en\/privacy-policy\/","name":"Privacy Policy &#8226; TaxXpert","isPartOf":{"@id":"https:\/\/taxxpert.hu\/en\/#website"},"datePublished":"2026-01-09T15:34:36+00:00","dateModified":"2026-02-24T13:18:54+00:00","breadcrumb":{"@id":"https:\/\/taxxpert.hu\/en\/privacy-policy\/#breadcrumb"},"inLanguage":"en-US","potentialAction":[{"@type":"ReadAction","target":["https:\/\/taxxpert.hu\/en\/privacy-policy\/"]}]},{"@type":"BreadcrumbList","@id":"https:\/\/taxxpert.hu\/en\/privacy-policy\/#breadcrumb","itemListElement":[{"@type":"ListItem","position":1,"name":"Kezd\u0151lap","item":"https:\/\/taxxpert.hu\/en\/"},{"@type":"ListItem","position":2,"name":"Privacy Policy"}]},{"@type":"WebSite","@id":"https:\/\/taxxpert.hu\/en\/#website","url":"https:\/\/taxxpert.hu\/en\/","name":"TaxXpert","description":"K\u00f6nyvel\u0151iroda","publisher":{"@id":"https:\/\/taxxpert.hu\/en\/#organization"},"potentialAction":[{"@type":"SearchAction","target":{"@type":"EntryPoint","urlTemplate":"https:\/\/taxxpert.hu\/en\/?s={search_term_string}"},"query-input":{"@type":"PropertyValueSpecification","valueRequired":true,"valueName":"search_term_string"}}],"inLanguage":"en-US"},{"@type":"Organization","@id":"https:\/\/taxxpert.hu\/en\/#organization","name":"TaxXpert","url":"https:\/\/taxxpert.hu\/en\/","logo":{"@type":"ImageObject","inLanguage":"en-US","@id":"https:\/\/taxxpert.hu\/en\/#\/schema\/logo\/image\/","url":"https:\/\/taxxpert.hu\/wp-content\/uploads\/2026\/01\/taxXpert-logo-1.png","contentUrl":"https:\/\/taxxpert.hu\/wp-content\/uploads\/2026\/01\/taxXpert-logo-1.png","width":2039,"height":975,"caption":"TaxXpert"},"image":{"@id":"https:\/\/taxxpert.hu\/en\/#\/schema\/logo\/image\/"}}]}},"_links":{"self":[{"href":"https:\/\/taxxpert.hu\/en\/wp-json\/wp\/v2\/pages\/680","targetHints":{"allow":["GET"]}}],"collection":[{"href":"https:\/\/taxxpert.hu\/en\/wp-json\/wp\/v2\/pages"}],"about":[{"href":"https:\/\/taxxpert.hu\/en\/wp-json\/wp\/v2\/types\/page"}],"author":[{"embeddable":true,"href":"https:\/\/taxxpert.hu\/en\/wp-json\/wp\/v2\/users\/2"}],"replies":[{"embeddable":true,"href":"https:\/\/taxxpert.hu\/en\/wp-json\/wp\/v2\/comments?post=680"}],"version-history":[{"count":1,"href":"https:\/\/taxxpert.hu\/en\/wp-json\/wp\/v2\/pages\/680\/revisions"}],"predecessor-version":[{"id":681,"href":"https:\/\/taxxpert.hu\/en\/wp-json\/wp\/v2\/pages\/680\/revisions\/681"}],"wp:attachment":[{"href":"https:\/\/taxxpert.hu\/en\/wp-json\/wp\/v2\/media?parent=680"}],"curies":[{"name":"wp","href":"https:\/\/api.w.org\/{rel}","templated":true}]}}